{"id":7342,"date":"2017-03-24T08:35:26","date_gmt":"2017-03-24T08:35:26","guid":{"rendered":"http:\/\/vino.elated-themes.com\/?page_id=7342"},"modified":"2026-03-16T09:14:18","modified_gmt":"2026-03-16T09:14:18","slug":"nos-partenaires","status":"publish","type":"page","link":"https:\/\/vinimat.fr\/index.php\/nos-partenaires\/","title":{"rendered":"Nos Partenaires"},"content":{"rendered":"<p>[vc_row row_content_width=&#8221;grid&#8221; css=&#8221;.vc_custom_1604851952912{padding-top: 35px !important;padding-bottom: 35px !important;}&#8221;][vc_column offset=&#8221;vc_col-lg-3 vc_col-md-12&#8243;][vc_column_text css=&#8221;.vc_custom_1604656783847{margin-top: -25px !important;padding-top: 10px !important;}&#8221;]<a href=\"http:\/\/www.albagnac.com\"><img loading=\"lazy\" class=\"alignnone wp-image-11415\" src=\"http:\/\/vinimat.fr\/wp-content\/uploads\/2020\/11\/Logo-ALBAGNAC-_H_BL-HD-300x92.jpg\" alt=\"\" width=\"197\" height=\"60\" srcset=\"https:\/\/vinimat.fr\/wp-content\/uploads\/2020\/11\/Logo-ALBAGNAC-_H_BL-HD-300x92.jpg 300w, https:\/\/vinimat.fr\/wp-content\/uploads\/2020\/11\/Logo-ALBAGNAC-_H_BL-HD-1024x315.jpg 1024w, https:\/\/vinimat.fr\/wp-content\/uploads\/2020\/11\/Logo-ALBAGNAC-_H_BL-HD-768x237.jpg 768w, https:\/\/vinimat.fr\/wp-content\/uploads\/2020\/11\/Logo-ALBAGNAC-_H_BL-HD-1536x473.jpg 1536w, https:\/\/vinimat.fr\/wp-content\/uploads\/2020\/11\/Logo-ALBAGNAC-_H_BL-HD-600x185.jpg 600w\" sizes=\"(max-width: 197px) 100vw, 197px\" \/><\/a>[\/vc_column_text][vc_empty_space height=&#8221;15px&#8221;][\/vc_column][vc_column offset=&#8221;vc_col-lg-9 vc_col-md-12&#8243;]<div class=\"eltdf-icon-list-holder\" style=\"margin-bottom: 1px\">\n\t<div class=\"eltdf-il-icon-holder\">\n\t\t<i class=\"eltd-icon-linear-icon lnr lnr-star \" style=\"color: #b1af6a\" ><\/i>\t<\/div>\n\t<h6 class=\"eltdf-il-text\" style=\"color: #b1af6a;font-size: 17px;padding-left: 25px\"> La soci\u00e9t\u00e9 ALBAGNAC est situ\u00e9e sur la commune de SAUZET dans le LOT proche de CAHORS.<\/h6>\n<\/div><div class=\"eltdf-icon-list-holder\" style=\"margin-bottom: 1px\">\n\t<div class=\"eltdf-il-icon-holder\">\n\t\t<i class=\"eltd-icon-linear-icon lnr lnr-star \" style=\"color: #b1af6a\" ><\/i>\t<\/div>\n\t<p class=\"eltdf-il-text\" style=\"color: #ababab;padding-left: 25px\"> Fabrication : Capsuleuse - \u00c9tiqueteuse adh\u00e9sive 1200 \u00e0 6000 bouteilles heure<\/p>\n<\/div><div class=\"eltdf-icon-list-holder\" style=\"margin-bottom: 1px\">\n\t<div class=\"eltdf-il-icon-holder\">\n\t\t<i class=\"eltd-icon-linear-icon lnr lnr-star \" style=\"color: #b1af6a\" ><\/i>\t<\/div>\n\t<p class=\"eltdf-il-text\" style=\"color: #ababab;padding-left: 25px\"> Activit\u00e9s : Ils sont sp\u00e9cialis\u00e9 dans la conception et la r\u00e9alisation de machine capable de capsuler et d&#039;\u00e9tiqueter des flacons aussi bien ronds que carr\u00e9.<\/p>\n<\/div><div class=\"eltdf-icon-list-holder\" style=\"margin-bottom: 1px\">\n\t<div class=\"eltdf-il-icon-holder\">\n\t\t<i class=\"eltd-icon-linear-icon lnr lnr-star \" style=\"color: #b1af6a\" ><\/i>\t<\/div>\n\t<p class=\"eltdf-il-text\" style=\"color: #ababab;padding-left: 25px\"> Secteurs d&#039;activit\u00e9s : agro-alimentaire (vinicole - brasserie etc) ou industriel (peinture, parfum etc)<\/p>\n<\/div><a itemprop=\"url\" href=\"http:\/\/www.albagnac.com\" target=\"_blank\" style=\"margin: 10px\" class=\"eltdf-btn eltdf-btn-medium eltdf-btn-solid\"  >\n    <span class=\"eltdf-btn-text\">visiter le site<\/span>\n    <\/a>[vc_column_text]Avec la nomination en 2012 de Fabien Albagnac \u00e0 la t\u00eate de la SAS familiale, Fabien est, apr\u00e8s Alain Albagnac, la troisi\u00e8me g\u00e9n\u00e9ration d\u2019entrepreneurs \u00e0 se consacrer au monde de la viniculture et de l\u2019industrie. Dot\u00e9e d\u2019un ADN porteur des g\u00eanes de l\u2019innovation, l\u2019entreprise a toujours su, depuis sa cr\u00e9ation, produire des machines innovantes capables de r\u00e9pondre aux demandes d\u2019\u00e9tiquetage les plus cr\u00e9atives.[\/vc_column_text][\/vc_column][\/vc_row][vc_row row_content_width=&#8221;grid&#8221; css=&#8221;.vc_custom_1604851952912{padding-top: 35px !important;padding-bottom: 35px !important;}&#8221;][vc_column offset=&#8221;vc_col-lg-3 vc_col-md-12&#8243;][vc_column_text css=&#8221;.vc_custom_1773652108595{margin-top: -25px !important;padding-top: 10px !important;background-color: #000000 !important;}&#8221;]<img loading=\"lazy\" class=\"alignnone size-full\" src=\"https:\/\/ofilduweb.com\/wp-content\/uploads\/2026\/03\/bared.svg\" width=\"300\" height=\"88\" \/>[\/vc_column_text][vc_empty_space height=&#8221;15px&#8221;][\/vc_column][vc_column offset=&#8221;vc_col-lg-9 vc_col-md-12&#8243;]<div class=\"eltdf-icon-list-holder\" style=\"margin-bottom: 1px\">\n\t<div class=\"eltdf-il-icon-holder\">\n\t\t<i class=\"eltd-icon-linear-icon lnr lnr-star \" style=\"color: #b1af6a\" ><\/i>\t<\/div>\n\t<h6 class=\"eltdf-il-text\" style=\"color: #b1af6a;font-size: 17px;padding-left: 25px\"> Bared, entreprise sp\u00e9cialis\u00e9e dans les technologies membranaires, propose des syst\u00e8mes performants et de haute qualit\u00e9<\/h6>\n<\/div><div class=\"eltdf-icon-list-holder\" style=\"margin-bottom: 1px\">\n\t<div class=\"eltdf-il-icon-holder\">\n\t\t<i class=\"eltd-icon-linear-icon lnr lnr-star \" style=\"color: #b1af6a\" ><\/i>\t<\/div>\n\t<p class=\"eltdf-il-text\" style=\"color: #ababab;padding-left: 25px\"> Pour l&#039;industrie vinicole, nous fabriquons des syst\u00e8mes de filtration tangentielle, de microfiltration, de nanofiltration et d&#039;osmose inverse<\/p>\n<\/div><div class=\"eltdf-icon-list-holder\" style=\"margin-bottom: 1px\">\n\t<div class=\"eltdf-il-icon-holder\">\n\t\t<i class=\"eltd-icon-linear-icon lnr lnr-star \" style=\"color: #b1af6a\" ><\/i>\t<\/div>\n\t<p class=\"eltdf-il-text\" style=\"color: #ababab;padding-left: 25px\"> Activit\u00e9s : Ils sont sp\u00e9cialis\u00e9 dans la conception et la r\u00e9alisation de machine capable de capsuler et d&#039;\u00e9tiqueter des flacons aussi bien ronds que carr\u00e9.<\/p>\n<\/div><div class=\"eltdf-icon-list-holder\" style=\"margin-bottom: 1px\">\n\t<div class=\"eltdf-il-icon-holder\">\n\t\t<i class=\"eltd-icon-linear-icon lnr lnr-star \" style=\"color: #b1af6a\" ><\/i>\t<\/div>\n\t<p class=\"eltdf-il-text\" style=\"color: #ababab;padding-left: 25px\"> Nous produisons des syst\u00e8mes de dosage proportionnel, des remplisseuses multifonctionnelles compactes, des \u00e9changeurs de chaleur et des pasteurisateurs, ainsi que des syst\u00e8mes NEP (Nettoyage En Place)<\/p>\n<\/div><a itemprop=\"url\" href=\"https:\/\/www.bared.it\/\" target=\"_blank\" style=\"margin: 10px\" class=\"eltdf-btn eltdf-btn-medium eltdf-btn-solid\"  >\n    <span class=\"eltdf-btn-text\">visiter le site<\/span>\n    <\/a>[\/vc_column][\/vc_row][vc_row row_content_width=&#8221;grid&#8221; css=&#8221;.vc_custom_1604851961400{padding-top: 35px !important;padding-bottom: 35px !important;}&#8221;][vc_column offset=&#8221;vc_col-lg-3 vc_col-md-12&#8243;][vc_column_text css=&#8221;.vc_custom_1604655877527{margin-top: -25px !important;padding-top: 10px !important;}&#8221;]<a href=\"http:\/\/www.costral.fr\"><img loading=\"lazy\" class=\"alignnone wp-image-11403\" src=\"http:\/\/vinimat.fr\/wp-content\/uploads\/2020\/11\/Logo-officiel-Costral-300x160.jpg\" alt=\"\" width=\"181\" height=\"96\" srcset=\"https:\/\/vinimat.fr\/wp-content\/uploads\/2020\/11\/Logo-officiel-Costral-300x160.jpg 300w, https:\/\/vinimat.fr\/wp-content\/uploads\/2020\/11\/Logo-officiel-Costral-1024x547.jpg 1024w, https:\/\/vinimat.fr\/wp-content\/uploads\/2020\/11\/Logo-officiel-Costral-768x410.jpg 768w, https:\/\/vinimat.fr\/wp-content\/uploads\/2020\/11\/Logo-officiel-Costral-600x321.jpg 600w, https:\/\/vinimat.fr\/wp-content\/uploads\/2020\/11\/Logo-officiel-Costral.jpg 1138w\" sizes=\"(max-width: 181px) 100vw, 181px\" \/><\/a>[\/vc_column_text][vc_empty_space height=&#8221;15px&#8221;][\/vc_column][vc_column offset=&#8221;vc_col-lg-9 vc_col-md-12&#8243;]<div class=\"eltdf-icon-list-holder\" style=\"margin-bottom: 1px\">\n\t<div class=\"eltdf-il-icon-holder\">\n\t\t<i class=\"eltd-icon-linear-icon lnr lnr-star \" style=\"color: #b1af6a\" ><\/i>\t<\/div>\n\t<h6 class=\"eltdf-il-text\" style=\"color: #b1af6a;font-size: 17px;padding-left: 25px\"> La soci\u00e9t\u00e9 COSTRAL est situ\u00e9e sur la commune de RIQUEWHIR en ALSACE.<\/h6>\n<\/div><div class=\"eltdf-icon-list-holder\" style=\"margin-bottom: 1px\">\n\t<div class=\"eltdf-il-icon-holder\">\n\t\t<i class=\"eltd-icon-linear-icon lnr lnr-star \" style=\"color: #b1af6a\" ><\/i>\t<\/div>\n\t<p class=\"eltdf-il-text\" style=\"color: #ababab;padding-left: 25px\"> Activit\u00e9s : Ils sont sp\u00e9cialis\u00e9 dans la conception et la r\u00e9alisation de Groupe d&#039;embouteillage.<\/p>\n<\/div><div class=\"eltdf-icon-list-holder\" style=\"margin-bottom: 1px\">\n\t<div class=\"eltdf-il-icon-holder\">\n\t\t<i class=\"eltd-icon-linear-icon lnr lnr-star \" style=\"color: #b1af6a\" ><\/i>\t<\/div>\n\t<p class=\"eltdf-il-text\" style=\"color: #ababab;padding-left: 25px\"> Secteurs d&#039;activit\u00e9s : agro-alimentaire (vinicole - brasserie etc)<\/p>\n<\/div><div class=\"eltdf-icon-list-holder\" style=\"margin-bottom: 1px\">\n\t<div class=\"eltdf-il-icon-holder\">\n\t\t<i class=\"eltd-icon-linear-icon lnr lnr-star \" style=\"color: #b1af6a\" ><\/i>\t<\/div>\n\t<p class=\"eltdf-il-text\" style=\"color: #ababab;padding-left: 25px\"> Fabrication : Groupe d&#039;embouteillage de 1000 \u00e0 3000 Bouteilles heure<\/p>\n<\/div><a itemprop=\"url\" href=\"https:\/\/www.costral.fr\/\" target=\"_blank\" style=\"margin: 10px\" class=\"eltdf-btn eltdf-btn-medium eltdf-btn-solid\"  >\n    <span class=\"eltdf-btn-text\">visiter le site<\/span>\n    <\/a>[vc_column_text]COSTRAL accompagne depuis plus de 40 ans les vignerons ind\u00e9pendants, les caves coop\u00e9ratives, les n\u00e9gociants et les embouteilleurs mobiles.<\/p>\n<p>Notre objectif est d\u2019apporter les solutions innovantes aux diff\u00e9rentes contraintes et exigences du milieu vinicole. Ensemble, nous montons des projets p\u00e9rennes, durables et \u00e9volutifs.[\/vc_column_text][\/vc_column][\/vc_row][vc_row row_content_width=&#8221;grid&#8221; css=&#8221;.vc_custom_1604851968032{padding-top: 35px !important;padding-bottom: 35px !important;}&#8221;][vc_column offset=&#8221;vc_col-lg-3 vc_col-md-12&#8243;][vc_column_text css=&#8221;.vc_custom_1625218747532{margin-top: -25px !important;padding-top: 10px !important;}&#8221;]<a href=\"https:\/\/www.bedi.fr\"><img loading=\"lazy\" class=\"alignnone wp-image-11405\" src=\"http:\/\/vinimat.fr\/wp-content\/uploads\/2020\/11\/nouveau-logo-bedi-1-300x180.jpg\" alt=\"\" width=\"186\" height=\"112\" srcset=\"https:\/\/vinimat.fr\/wp-content\/uploads\/2020\/11\/nouveau-logo-bedi-1-300x180.jpg 300w, https:\/\/vinimat.fr\/wp-content\/uploads\/2020\/11\/nouveau-logo-bedi-1-1024x614.jpg 1024w, https:\/\/vinimat.fr\/wp-content\/uploads\/2020\/11\/nouveau-logo-bedi-1-768x461.jpg 768w, https:\/\/vinimat.fr\/wp-content\/uploads\/2020\/11\/nouveau-logo-bedi-1-1536x921.jpg 1536w, https:\/\/vinimat.fr\/wp-content\/uploads\/2020\/11\/nouveau-logo-bedi-1-600x360.jpg 600w, https:\/\/vinimat.fr\/wp-content\/uploads\/2020\/11\/nouveau-logo-bedi-1.jpg 1772w\" sizes=\"(max-width: 186px) 100vw, 186px\" \/><\/a>[\/vc_column_text][vc_empty_space height=&#8221;15px&#8221;][\/vc_column][vc_column offset=&#8221;vc_col-lg-9 vc_col-md-12&#8243;]<div class=\"eltdf-icon-list-holder\" style=\"margin-bottom: 1px\">\n\t<div class=\"eltdf-il-icon-holder\">\n\t\t<i class=\"eltd-icon-linear-icon lnr lnr-star \" style=\"color: #b1af6a\" ><\/i>\t<\/div>\n\t<h6 class=\"eltdf-il-text\" style=\"color: #b1af6a;font-size: 17px;padding-left: 25px\"> La soci\u00e9t\u00e9 BEDI con\u00e7oit et fabrique toutes les machines qui constituent le d\u00e9but et la fin d&#039;une ligne de conditionnement (Bouteilles, pot, boites...)<\/h6>\n<\/div><div class=\"eltdf-icon-list-holder\" style=\"margin-bottom: 1px\">\n\t<div class=\"eltdf-il-icon-holder\">\n\t\t<i class=\"eltd-icon-linear-icon lnr lnr-star \" style=\"color: #b1af6a\" ><\/i>\t<\/div>\n\t<p class=\"eltdf-il-text\" style=\"color: #ababab;padding-left: 25px\"> La formation des caisses cartons et alimentation de celles ci sur la ligne, Le remplissage des cartons (pots, bouteilles, boites...) La fermeture des caisses cartons, Acheminement des caisses vers la palette avec si besoin le retournement de la caisse pour un marquage de celle-ci, La pal\u00e9tisation des caisses cartons, boites, pots... Filmer les palettes constitu\u00e9es.<\/p>\n<\/div><div class=\"eltdf-icon-list-holder\" style=\"margin-bottom: 1px\">\n\t<div class=\"eltdf-il-icon-holder\">\n\t\t<i class=\"eltd-icon-linear-icon lnr lnr-star \" style=\"color: #b1af6a\" ><\/i>\t<\/div>\n\t<p class=\"eltdf-il-text\" style=\"color: #ababab;padding-left: 25px\"> Tout types de convoyage motoris\u00e9 ou non, \u00e0 tapis ou \u00e0 rouleaux pour produits l\u00e9gers (cartons de bouteilles, pots... ), ou pour produits lourds (palettes constitu\u00e9es...)<\/p>\n<\/div><div class=\"eltdf-icon-list-holder\" style=\"margin-bottom: 1px\">\n\t<div class=\"eltdf-il-icon-holder\">\n\t\t<i class=\"eltd-icon-linear-icon lnr lnr-star \" style=\"color: #b1af6a\" ><\/i>\t<\/div>\n\t<p class=\"eltdf-il-text\" style=\"color: #ababab;padding-left: 25px\"> La soci\u00e9t\u00e9 BEDI est \u00e9galement importateur de tout le mat\u00e9riel SIAT qu&#039;il nous est possible de vous fournir pas son interm\u00e9diaire.<\/p>\n<\/div><a itemprop=\"url\" href=\"https:\/\/www.bedi.fr\/\" target=\"_blank\" style=\"margin: 10px\" class=\"eltdf-btn eltdf-btn-medium eltdf-btn-solid\"  >\n    <span class=\"eltdf-btn-text\">visiter le site<\/span>\n    <\/a>[\/vc_column][\/vc_row][vc_row row_content_width=&#8221;grid&#8221; css=&#8221;.vc_custom_1604852026296{padding-top: 35px !important;padding-bottom: 35px !important;}&#8221;][vc_column offset=&#8221;vc_col-lg-3 vc_col-md-12&#8243;][vc_column_text css=&#8221;.vc_custom_1604418643115{margin-top: -25px !important;padding-top: 10px !important;}&#8221;]<a href=\"http:\/\/www.valverdeibarra.com\/\"><img loading=\"lazy\" class=\"alignnone size-full wp-image-11245\" src=\"http:\/\/vinimat.fr\/wp-content\/uploads\/2020\/11\/Valverde-Ibarra.png\" alt=\"\" width=\"201\" height=\"70\" \/><\/a>[\/vc_column_text][vc_empty_space height=&#8221;15px&#8221;][\/vc_column][vc_column offset=&#8221;vc_col-lg-9 vc_col-md-12&#8243;]<div class=\"eltdf-icon-list-holder\" style=\"margin-bottom: 1px\">\n\t<div class=\"eltdf-il-icon-holder\">\n\t\t<i class=\"eltd-icon-linear-icon lnr lnr-star \" style=\"color: #b1af6a\" ><\/i>\t<\/div>\n\t<h6 class=\"eltdf-il-text\" style=\"color: #b1af6a;font-size: 17px;padding-left: 25px\"> Fond\u00e9e par des personnes d\u00e9di\u00e9es \u00e0 la conception et au d\u00e9veloppement de lignes pour les processus de production.<\/h6>\n<\/div><div class=\"eltdf-icon-list-holder\" style=\"margin-bottom: 1px\">\n\t<div class=\"eltdf-il-icon-holder\">\n\t\t<i class=\"eltd-icon-linear-icon lnr lnr-star \" style=\"color: #b1af6a\" ><\/i>\t<\/div>\n\t<p class=\"eltdf-il-text\" style=\"color: #ababab;padding-left: 25px\"> Forte d&#039;une exp\u00e9rience de plus de 15 ans dans ce secteur, notre \u00e9quipe d&#039;ing\u00e9nieurs \u00e9tudie et analyse chaque projet en fonction des besoins de nos clients, refl\u00e9tant sur eux toute notre exp\u00e9rience.<\/p>\n<\/div><div class=\"eltdf-icon-list-holder\" style=\"margin-bottom: 1px\">\n\t<div class=\"eltdf-il-icon-holder\">\n\t\t<i class=\"eltd-icon-linear-icon lnr lnr-star \" style=\"color: #b1af6a\" ><\/i>\t<\/div>\n\t<p class=\"eltdf-il-text\" style=\"color: #ababab;padding-left: 25px\"> Install\u00e9e dans LA RIOJA en Espagne sur la commune de NAVARETTE, la soci\u00e9t\u00e9 VALVERDE IBARRA est sp\u00e9cialis\u00e9e dans la fabrication d\u00e9palettiseur de bouteilles vides, table de d\u00e9compressions install\u00e9e apr\u00e8s un groupe d&#039;embouteillage de convoyeur de bouteille.<\/p>\n<\/div><a itemprop=\"url\" href=\"http:\/\/www.valverdeibarra.com\/\" target=\"_blank\" style=\"margin: 10px\" class=\"eltdf-btn eltdf-btn-medium eltdf-btn-solid\"  >\n    <span class=\"eltdf-btn-text\">visiter le site<\/span>\n    <\/a>[\/vc_column][\/vc_row][vc_row row_content_width=&#8221;grid&#8221; css=&#8221;.vc_custom_1604852026296{padding-top: 35px !important;padding-bottom: 35px !important;}&#8221;][vc_column offset=&#8221;vc_col-lg-3 vc_col-md-12&#8243;][vc_column_text css=&#8221;.vc_custom_1713361254787{margin-top: -25px !important;padding-top: 10px !important;}&#8221;]<a href=\"https:\/\/www.xt-vision.com\/\"><img loading=\"lazy\" class=\"alignnone size-full wp-image-12204\" src=\"https:\/\/vinimat.fr\/wp-content\/uploads\/2024\/04\/Logo_XT_V8_180-80.jpg\" alt=\"\" width=\"180\" height=\"80\" \/><\/a>[\/vc_column_text][vc_empty_space height=&#8221;15px&#8221;][\/vc_column][vc_column offset=&#8221;vc_col-lg-9 vc_col-md-12&#8243;]<div class=\"eltdf-icon-list-holder\" style=\"margin-bottom: 1px\">\n\t<div class=\"eltdf-il-icon-holder\">\n\t\t<i class=\"eltd-icon-linear-icon lnr lnr-star \" style=\"color: #b1af6a\" ><\/i>\t<\/div>\n\t<h6 class=\"eltdf-il-text\" style=\"color: #b1af6a;font-size: 17px;padding-left: 25px\"> Sp\u00e9cialiste en contr\u00f4le qualit\u00e9 par vision industrielle<\/h6>\n<\/div><div class=\"eltdf-icon-list-holder\" style=\"margin-bottom: 1px\">\n\t<div class=\"eltdf-il-icon-holder\">\n\t\t<i class=\"eltd-icon-linear-icon lnr lnr-star \" style=\"color: #b1af6a\" ><\/i>\t<\/div>\n\t<p class=\"eltdf-il-text\" style=\"color: #ababab;padding-left: 25px\"> XT Vision a \u00e9t\u00e9 cr\u00e9\u00e9e \u00e0 Marseille en janvier 2011 par Julien Dujin.<\/p>\n<\/div><div class=\"eltdf-icon-list-holder\" style=\"margin-bottom: 1px\">\n\t<div class=\"eltdf-il-icon-holder\">\n\t\t<i class=\"eltd-icon-linear-icon lnr lnr-star \" style=\"color: #b1af6a\" ><\/i>\t<\/div>\n\t<p class=\"eltdf-il-text\" style=\"color: #ababab;padding-left: 25px\"> Notre \u00e9quipe est engag\u00e9e \u00e0 trouver des solutions au maximum des probl\u00e9matiques de non-conformit\u00e9 pour la satisfaction des industriels<\/p>\n<\/div><a itemprop=\"url\" href=\"https:\/\/www.xt-vision.com\/\" target=\"_blank\" style=\"margin: 10px\" class=\"eltdf-btn eltdf-btn-medium eltdf-btn-solid\"  >\n    <span class=\"eltdf-btn-text\">visiter le site<\/span>\n    <\/a>[\/vc_column][\/vc_row][vc_row row_content_width=&#8221;grid&#8221; css=&#8221;.vc_custom_1604851982999{padding-top: 35px !important;padding-bottom: 35px !important;}&#8221;][vc_column offset=&#8221;vc_col-lg-3 vc_col-md-12&#8243;][vc_column_text css=&#8221;.vc_custom_1604418004406{margin-top: -25px !important;padding-top: 10px !important;}&#8221;]<a href=\"http:\/\/www.hygro-control.com\/\"><img loading=\"lazy\" class=\"alignnone size-medium wp-image-11243\" src=\"http:\/\/vinimat.fr\/wp-content\/uploads\/2020\/11\/hygro-control-300x85.jpg\" alt=\"\" width=\"300\" height=\"85\" srcset=\"https:\/\/vinimat.fr\/wp-content\/uploads\/2020\/11\/hygro-control-300x85.jpg 300w, https:\/\/vinimat.fr\/wp-content\/uploads\/2020\/11\/hygro-control.jpg 512w\" sizes=\"(max-width: 300px) 100vw, 300px\" \/><\/a>[\/vc_column_text][vc_empty_space height=&#8221;15px&#8221;][\/vc_column][vc_column offset=&#8221;vc_col-lg-9 vc_col-md-12&#8243;]<div class=\"eltdf-icon-list-holder\" style=\"margin-bottom: 1px\">\n\t<div class=\"eltdf-il-icon-holder\">\n\t\t<i class=\"eltd-icon-linear-icon lnr lnr-star \" style=\"color: #b1af6a\" ><\/i>\t<\/div>\n\t<h6 class=\"eltdf-il-text\" style=\"color: #b1af6a;font-size: 17px;padding-left: 25px\"> Est une entreprise fran\u00e7aise sp\u00e9cialis\u00e9e dans la conception et la r\u00e9alisation de solutions de production et de contr\u00f4le de l\u2019hygrom\u00e9trie.<\/h6>\n<\/div><div class=\"eltdf-icon-list-holder\" style=\"margin-bottom: 1px\">\n\t<div class=\"eltdf-il-icon-holder\">\n\t\t<i class=\"eltd-icon-linear-icon lnr lnr-star \" style=\"color: #b1af6a\" ><\/i>\t<\/div>\n\t<p class=\"eltdf-il-text\" style=\"color: #ababab;padding-left: 25px\"> HYGRO CONTROL s\u2019appuie sur une exp\u00e9rience de plus de 15 ans sur l\u2019impact de l\u2019humidit\u00e9 relative sur diff\u00e9rents types de process et d\u2019applications en France, en Europe et dans le monde.<\/p>\n<\/div><div class=\"eltdf-icon-list-holder\" style=\"margin-bottom: 1px\">\n\t<div class=\"eltdf-il-icon-holder\">\n\t\t<i class=\"eltd-icon-linear-icon lnr lnr-star \" style=\"color: #b1af6a\" ><\/i>\t<\/div>\n\t<p class=\"eltdf-il-text\" style=\"color: #ababab;padding-left: 25px\"> HYGRO CONTROL compte sur un r\u00e9seau europ\u00e9en de distributeurs-installateurs comp\u00e9tents et \u00e0 votre \u00e9coute<\/p>\n<\/div><a itemprop=\"url\" href=\"http:\/\/www.hygro-control.com\/\" target=\"_blank\" style=\"margin: 10px\" class=\"eltdf-btn eltdf-btn-medium eltdf-btn-solid\"  >\n    <span class=\"eltdf-btn-text\">visiter le site<\/span>\n    <\/a>[\/vc_column][\/vc_row][vc_row row_content_width=&#8221;grid&#8221; css=&#8221;.vc_custom_1604851975360{padding-top: 35px !important;padding-bottom: 35px !important;}&#8221;][vc_column offset=&#8221;vc_col-lg-3 vc_col-md-12&#8243;][vc_column_text css=&#8221;.vc_custom_1625218808556{margin-top: -25px !important;padding-top: 10px !important;}&#8221;]<a href=\"https:\/\/www.stone-bottling.fr\/\"><img loading=\"lazy\" class=\"alignnone wp-image-11427\" src=\"http:\/\/vinimat.fr\/wp-content\/uploads\/2020\/11\/LOGO-Stone-Industrie-FR-575x167-1-300x65.png\" alt=\"\" width=\"249\" height=\"54\" srcset=\"https:\/\/vinimat.fr\/wp-content\/uploads\/2020\/11\/LOGO-Stone-Industrie-FR-575x167-1-300x65.png 300w, https:\/\/vinimat.fr\/wp-content\/uploads\/2020\/11\/LOGO-Stone-Industrie-FR-575x167-1.png 549w\" sizes=\"(max-width: 249px) 100vw, 249px\" \/><\/a>[\/vc_column_text][vc_empty_space height=&#8221;15px&#8221;][\/vc_column][vc_column offset=&#8221;vc_col-lg-9 vc_col-md-12&#8243;]<div class=\"eltdf-icon-list-holder\" style=\"margin-bottom: 1px\">\n\t<div class=\"eltdf-il-icon-holder\">\n\t\t<i class=\"eltd-icon-linear-icon lnr lnr-star \" style=\"color: #b1af6a\" ><\/i>\t<\/div>\n\t<h6 class=\"eltdf-il-text\" style=\"color: #b1af6a;font-size: 17px;padding-left: 25px\"> Fort de plus de 60 ans d\u2019exp\u00e9rience Stone Industrie, constructeur fran\u00e7ais de lignes d\u2019embouteillage pour liquides plats et notamment le vin et les spiritueux<\/h6>\n<\/div><div class=\"eltdf-icon-list-holder\" style=\"margin-bottom: 1px\">\n\t<div class=\"eltdf-il-icon-holder\">\n\t\t<i class=\"eltd-icon-linear-icon lnr lnr-star \" style=\"color: #b1af6a\" ><\/i>\t<\/div>\n\t<p class=\"eltdf-il-text\" style=\"color: #ababab;padding-left: 25px\"> Ces mat\u00e9riels \u00e9volutifs, \u00e0 la pointe de la technologie, r\u00e9pondent aux demandes les plus vari\u00e9es dans un souci constant d\u2019exigence qualitative.<\/p>\n<\/div><div class=\"eltdf-icon-list-holder\" style=\"margin-bottom: 1px\">\n\t<div class=\"eltdf-il-icon-holder\">\n\t\t<i class=\"eltd-icon-linear-icon lnr lnr-star \" style=\"color: #b1af6a\" ><\/i>\t<\/div>\n\t<p class=\"eltdf-il-text\" style=\"color: #ababab;padding-left: 25px\"> Conception et innovation, Respect du produit, Simplicit\u00e9 et fiabilit\u00e9 des mat\u00e9riels tels sont les atouts majeurs de Stone Industrie.<\/p>\n<\/div><div class=\"eltdf-icon-list-holder\" style=\"margin-bottom: 1px\">\n\t<div class=\"eltdf-il-icon-holder\">\n\t\t<i class=\"eltd-icon-linear-icon lnr lnr-star \" style=\"color: #b1af6a\" ><\/i>\t<\/div>\n\t<p class=\"eltdf-il-text\" style=\"color: #ababab;padding-left: 25px\"> La soci\u00e9t\u00e9 BEDI est \u00e9galement importateur de tout le mat\u00e9riel SIAT qu&#039;il nous est possible de vous fournir pas son interm\u00e9diaire.<\/p>\n<\/div><a itemprop=\"url\" href=\"https:\/\/www.stone-bottling.fr\/\" target=\"_blank\" style=\"margin: 10px\" class=\"eltdf-btn eltdf-btn-medium eltdf-btn-solid\"  >\n    <span class=\"eltdf-btn-text\">visiter le site<\/span>\n    <\/a>[\/vc_column][\/vc_row][vc_row row_content_width=&#8221;grid&#8221; css=&#8221;.vc_custom_1604851990160{padding-top: 35px !important;padding-bottom: 35px !important;}&#8221;][vc_column offset=&#8221;vc_col-lg-3 vc_col-md-12&#8243;][vc_column_text css=&#8221;.vc_custom_1604657011257{margin-top: -25px !important;padding-top: 10px !important;}&#8221;]<a href=\"http:\/\/www.gbpro.it\"><img loading=\"lazy\" class=\"alignnone size-full wp-image-11418\" src=\"http:\/\/vinimat.fr\/wp-content\/uploads\/2020\/11\/bgproject.jpg\" alt=\"\" width=\"186\" height=\"169\" \/><\/a>[\/vc_column_text][vc_empty_space height=&#8221;15px&#8221;][\/vc_column][vc_column offset=&#8221;vc_col-lg-9 vc_col-md-12&#8243;]<div class=\"eltdf-icon-list-holder\" style=\"margin-bottom: 1px\">\n\t<div class=\"eltdf-il-icon-holder\">\n\t\t<i class=\"eltd-icon-linear-icon lnr lnr-star \" style=\"color: #b1af6a\" ><\/i>\t<\/div>\n\t<h6 class=\"eltdf-il-text\" style=\"color: #b1af6a;font-size: 17px;padding-left: 25px\"> Etudes de faisabilit\u00e9 et conseils techniques pour une nouvelle production.<\/h6>\n<\/div><div class=\"eltdf-icon-list-holder\" style=\"margin-bottom: 1px\">\n\t<div class=\"eltdf-il-icon-holder\">\n\t\t<i class=\"eltd-icon-linear-icon lnr lnr-star \" style=\"color: #b1af6a\" ><\/i>\t<\/div>\n\t<p class=\"eltdf-il-text\" style=\"color: #ababab;padding-left: 25px\"> Conception et construction de caves ``cl\u00e9 en main``, y compris les am\u00e9nagements. Construction de syst\u00e8mes technologiques pour le contr\u00f4le de la fermentation.<\/p>\n<\/div><div class=\"eltdf-icon-list-holder\" style=\"margin-bottom: 1px\">\n\t<div class=\"eltdf-il-icon-holder\">\n\t\t<i class=\"eltd-icon-linear-icon lnr lnr-star \" style=\"color: #b1af6a\" ><\/i>\t<\/div>\n\t<p class=\"eltdf-il-text\" style=\"color: #ababab;padding-left: 25px\"> Fourniture de machines et \u00e9quipements tels que: (syst\u00e8me de r\u00e9frig\u00e9ration, \u00e9changeurs de chaleur (tubulaires, multi-tubes, pierres de taille, ressorts d&#039;horloge), self-chokes basse temp\u00e9rature, etc.), syst\u00e8mes de filtration, selon les sp\u00e9cifications du client. Filtration de bourbes et sous produits issus de la vinification des vins.<\/p>\n<\/div><div class=\"eltdf-icon-list-holder\" style=\"margin-bottom: 1px\">\n\t<div class=\"eltdf-il-icon-holder\">\n\t\t<i class=\"eltd-icon-linear-icon lnr lnr-star \" style=\"color: #b1af6a\" ><\/i>\t<\/div>\n\t<p class=\"eltdf-il-text\" style=\"color: #ababab;padding-left: 25px\"> Optimisation des lignes de production existantes, avec l&#039;introduction de proc\u00e9d\u00e9s \u00e0 faible impact environnemental.<\/p>\n<\/div><a itemprop=\"url\" href=\"http:\/\/www.gbpro.it\" target=\"_blank\" style=\"margin: 10px\" class=\"eltdf-btn eltdf-btn-medium eltdf-btn-solid\"  >\n    <span class=\"eltdf-btn-text\">visiter le site<\/span>\n    <\/a>[\/vc_column][\/vc_row][vc_row row_content_width=&#8221;grid&#8221;][vc_column][vc_separator][\/vc_column][\/vc_row][vc_row row_content_width=&#8221;grid&#8221; css=&#8221;.vc_custom_1604852002753{padding-top: 35px !important;padding-bottom: 35px !important;}&#8221;][vc_column offset=&#8221;vc_col-lg-3 vc_col-md-12&#8243;][vc_column_text css=&#8221;.vc_custom_1713364938414{margin-top: -25px !important;padding-top: 10px !important;}&#8221;]<a href=\"https:\/\/www.reifsrl.com\/wp\/fr\/home-fr\/\"><img loading=\"lazy\" class=\"alignnone wp-image-11422\" src=\"http:\/\/vinimat.fr\/wp-content\/uploads\/2020\/11\/REIF_logo_restyling_small-1.png\" alt=\"\" width=\"185\" height=\"62\" \/><\/a>[\/vc_column_text][vc_empty_space height=&#8221;15px&#8221;][\/vc_column][vc_column offset=&#8221;vc_col-lg-9 vc_col-md-12&#8243;]<div class=\"eltdf-icon-list-holder\" style=\"margin-bottom: 1px\">\n\t<div class=\"eltdf-il-icon-holder\">\n\t\t<i class=\"eltd-icon-linear-icon lnr lnr-star \" style=\"color: #b1af6a\" ><\/i>\t<\/div>\n\t<h6 class=\"eltdf-il-text\" style=\"color: #b1af6a;font-size: 17px;padding-left: 25px\"> La soci\u00e9t\u00e9 REIF s.n.c. est une entreprise sp\u00e9cialis\u00e9e dans la production du froid.<\/h6>\n<\/div><div class=\"eltdf-icon-list-holder\" style=\"margin-bottom: 1px\">\n\t<div class=\"eltdf-il-icon-holder\">\n\t\t<i class=\"eltd-icon-linear-icon lnr lnr-star \" style=\"color: #b1af6a\" ><\/i>\t<\/div>\n\t<p class=\"eltdf-il-text\" style=\"color: #ababab;padding-left: 25px\"> Elle a pour objectif de garantir \u00e0 sa client\u00e8le le meilleur r\u00e9sultat en mati\u00e8re de performances \u00e9nerg\u00e9tiques et d\u2019offrir des produits sp\u00e9cifiques r\u00e9pondant \u00e0 toutes les exigences.<\/p>\n<\/div><div class=\"eltdf-icon-list-holder\" style=\"margin-bottom: 1px\">\n\t<div class=\"eltdf-il-icon-holder\">\n\t\t<i class=\"eltd-icon-linear-icon lnr lnr-star \" style=\"color: #b1af6a\" ><\/i>\t<\/div>\n\t<p class=\"eltdf-il-text\" style=\"color: #ababab;padding-left: 25px\"> Ses 30 ann\u00e9es d\u2019exp\u00e9rience, de professionnalisme, de conception et de personnalisation dans la fabrication de ses produits, font de la soci\u00e9t\u00e9 REIF s.n.c., une entreprise impliqu\u00e9e dans les secteurs les plus diversifi\u00e9s sur les march\u00e9s europ\u00e9ens et non europ\u00e9ens<\/p>\n<\/div><a itemprop=\"url\" href=\"https:\/\/www.reifsrl.com\/wp\/fr\/home-fr\/\" target=\"_blank\" style=\"margin: 10px\" class=\"eltdf-btn eltdf-btn-medium eltdf-btn-solid\"  >\n    <span class=\"eltdf-btn-text\">visiter le site<\/span>\n    <\/a>[\/vc_column][\/vc_row][vc_row row_content_width=&#8221;grid&#8221;][vc_column][vc_separator][\/vc_column][\/vc_row][vc_row row_content_width=&#8221;grid&#8221; css=&#8221;.vc_custom_1604852010000{padding-top: 35px !important;padding-bottom: 35px !important;}&#8221;][vc_column offset=&#8221;vc_col-lg-3 vc_col-md-12&#8243;][vc_column_text css=&#8221;.vc_custom_1604428761450{margin-top: -25px !important;padding-top: 10px !important;}&#8221;]<a href=\"http:\/\/www.willmes.de\"><img loading=\"lazy\" class=\"alignnone wp-image-11249 size-medium\" src=\"http:\/\/vinimat.fr\/wp-content\/uploads\/2020\/11\/DE_Willmes_Logo_RGB-e1604428747860-300x102.png\" alt=\"\" width=\"300\" height=\"102\" srcset=\"https:\/\/vinimat.fr\/wp-content\/uploads\/2020\/11\/DE_Willmes_Logo_RGB-e1604428747860-300x102.png 300w, https:\/\/vinimat.fr\/wp-content\/uploads\/2020\/11\/DE_Willmes_Logo_RGB-e1604428747860-1024x346.png 1024w, https:\/\/vinimat.fr\/wp-content\/uploads\/2020\/11\/DE_Willmes_Logo_RGB-e1604428747860-768x260.png 768w, https:\/\/vinimat.fr\/wp-content\/uploads\/2020\/11\/DE_Willmes_Logo_RGB-e1604428747860-1536x520.png 1536w, https:\/\/vinimat.fr\/wp-content\/uploads\/2020\/11\/DE_Willmes_Logo_RGB-e1604428747860-600x203.png 600w\" sizes=\"(max-width: 300px) 100vw, 300px\" \/><\/a>[\/vc_column_text][vc_empty_space height=&#8221;15px&#8221;][\/vc_column][vc_column offset=&#8221;vc_col-lg-9 vc_col-md-12&#8243;]<div class=\"eltdf-icon-list-holder\" style=\"margin-bottom: 1px\">\n\t<div class=\"eltdf-il-icon-holder\">\n\t\t<i class=\"eltd-icon-linear-icon lnr lnr-star \" style=\"color: #b1af6a\" ><\/i>\t<\/div>\n\t<h6 class=\"eltdf-il-text\" style=\"color: #b1af6a;font-size: 17px;padding-left: 25px\"> Depuis 1918 le nom WILLMES est synonyme de qualit\u00e9 sup\u00e9rieure dans le secteur des machines agricoles et des pressoirs.<\/h6>\n<\/div><div class=\"eltdf-icon-list-holder\" style=\"margin-bottom: 1px\">\n\t<div class=\"eltdf-il-icon-holder\">\n\t\t<i class=\"eltd-icon-linear-icon lnr lnr-star \" style=\"color: #b1af6a\" ><\/i>\t<\/div>\n\t<p class=\"eltdf-il-text\" style=\"color: #ababab;padding-left: 25px\"> La derni\u00e8re g\u00e9n\u00e9ration de pressoirs pneumatiques \u00e9quip\u00e9s de la technique de double membrane et de drains verticaux fait aujourd\u2019hui office de r\u00e9f\u00e9rence sur le march\u00e9 des pressoirs et offre aux viticulteurs toutes les options en mati\u00e8re de traitement optimal de raisins.<\/p>\n<\/div><div class=\"eltdf-icon-list-holder\" style=\"margin-bottom: 1px\">\n\t<div class=\"eltdf-il-icon-holder\">\n\t\t<i class=\"eltd-icon-linear-icon lnr lnr-star \" style=\"color: #b1af6a\" ><\/i>\t<\/div>\n\t<p class=\"eltdf-il-text\" style=\"color: #ababab;padding-left: 25px\"> Les pressoirs WILLMES combinent une haute qualit\u00e9 de fabrication \u00e0 l\u2019art de l\u2019 ing\u00e9nierie allemande.<\/p>\n<\/div><a itemprop=\"url\" href=\"http:\/\/www.willmes.de\" target=\"_blank\" style=\"margin: 10px\" class=\"eltdf-btn eltdf-btn-medium eltdf-btn-solid\"  >\n    <span class=\"eltdf-btn-text\">visiter le site<\/span>\n    <\/a>[\/vc_column][\/vc_row][vc_row row_content_width=&#8221;grid&#8221;][vc_column][vc_separator][\/vc_column][\/vc_row][vc_row row_content_width=&#8221;grid&#8221; css=&#8221;.vc_custom_1604852026296{padding-top: 35px !important;padding-bottom: 35px !important;}&#8221;][vc_column offset=&#8221;vc_col-lg-3 vc_col-md-12&#8243;][vc_column_text css=&#8221;.vc_custom_1604932321510{margin-top: -25px !important;padding-top: 10px !important;}&#8221;]<a href=\"http:\/\/www.mpfimpianti.it\/\"><img loading=\"lazy\" class=\"alignnone wp-image-11599\" src=\"https:\/\/vinimat.fr\/wp-content\/uploads\/2020\/11\/LogoMPF-300x160.png\" alt=\"\" width=\"159\" height=\"85\" srcset=\"https:\/\/vinimat.fr\/wp-content\/uploads\/2020\/11\/LogoMPF-300x160.png 300w, https:\/\/vinimat.fr\/wp-content\/uploads\/2020\/11\/LogoMPF.png 467w\" sizes=\"(max-width: 159px) 100vw, 159px\" \/><\/a>[\/vc_column_text][vc_empty_space height=&#8221;15px&#8221;][\/vc_column][vc_column offset=&#8221;vc_col-lg-9 vc_col-md-12&#8243;]<div class=\"eltdf-icon-list-holder\" style=\"margin-bottom: 1px\">\n\t<div class=\"eltdf-il-icon-holder\">\n\t\t<i class=\"eltd-icon-linear-icon lnr lnr-star \" style=\"color: #b1af6a\" ><\/i>\t<\/div>\n\t<h6 class=\"eltdf-il-text\" style=\"color: #b1af6a;font-size: 17px;padding-left: 25px\"> MPF Impianti de Calamanadrana (AT) travaille depuis 2011 dans le march\u00e9 national et international<\/h6>\n<\/div><div class=\"eltdf-icon-list-holder\" style=\"margin-bottom: 1px\">\n\t<div class=\"eltdf-il-icon-holder\">\n\t\t<i class=\"eltd-icon-linear-icon lnr lnr-star \" style=\"color: #b1af6a\" ><\/i>\t<\/div>\n\t<p class=\"eltdf-il-text\" style=\"color: #ababab;padding-left: 25px\"> elle s\u2019est r\u00e9v\u00e9l\u00e9e, d\u00e8s l\u2019origine, comp\u00e9titive dans la conception, la r\u00e9alisation et l\u2019installation de syst\u00e8mes de transport, de machines pour le lavage et le s\u00e9chage ext\u00e9rieur de bouteilles et de tunnels de chauffage.<\/p>\n<\/div><div class=\"eltdf-icon-list-holder\" style=\"margin-bottom: 1px\">\n\t<div class=\"eltdf-il-icon-holder\">\n\t\t<i class=\"eltd-icon-linear-icon lnr lnr-star \" style=\"color: #b1af6a\" ><\/i>\t<\/div>\n\t<p class=\"eltdf-il-text\" style=\"color: #ababab;padding-left: 25px\"> Actuellement elle compte 25 travailleurs, 2 000 m2 de surface couverte et tous les usinages sont effectu\u00e9s \u00e0 l\u2019int\u00e9rieur de l\u2019entreprise, de la conception \u00e0 la pr\u00e9paration des produits semi-finis, jusqu\u2019\u00e0 l\u2019assemblage.<\/p>\n<\/div><a itemprop=\"url\" href=\"http:\/\/www.mpfimpianti.it\/\" target=\"_blank\" style=\"margin: 10px\" class=\"eltdf-btn eltdf-btn-medium eltdf-btn-solid\"  >\n    <span class=\"eltdf-btn-text\">visiter le site<\/span>\n    <\/a>[\/vc_column][\/vc_row][vc_row row_content_width=&#8221;grid&#8221; css=&#8221;.vc_custom_1604852026296{padding-top: 35px !important;padding-bottom: 35px !important;}&#8221;][vc_column offset=&#8221;vc_col-lg-3 vc_col-md-12&#8243;][vc_column_text css=&#8221;.vc_custom_1605797317947{margin-top: -25px !important;padding-top: 10px !important;}&#8221;]<a href=\"http:\/\/hexagone-air-concept.com\" target=\"_blank\" rel=\"noopener noreferrer\"><img loading=\"lazy\" class=\"alignnone wp-image-12070\" src=\"https:\/\/vinimat.fr\/wp-content\/uploads\/2020\/11\/Logo-Hexagone-300x56.png\" alt=\"\" width=\"182\" height=\"34\" srcset=\"https:\/\/vinimat.fr\/wp-content\/uploads\/2020\/11\/Logo-Hexagone-300x56.png 300w, https:\/\/vinimat.fr\/wp-content\/uploads\/2020\/11\/Logo-Hexagone-1024x190.png 1024w, https:\/\/vinimat.fr\/wp-content\/uploads\/2020\/11\/Logo-Hexagone-768x142.png 768w, https:\/\/vinimat.fr\/wp-content\/uploads\/2020\/11\/Logo-Hexagone-1536x285.png 1536w, https:\/\/vinimat.fr\/wp-content\/uploads\/2020\/11\/Logo-Hexagone-600x111.png 600w\" sizes=\"(max-width: 182px) 100vw, 182px\" \/><\/a>[\/vc_column_text][vc_empty_space height=&#8221;15px&#8221;][\/vc_column][vc_column offset=&#8221;vc_col-lg-9 vc_col-md-12&#8243;]<div class=\"eltdf-icon-list-holder\" style=\"margin-bottom: 1px\">\n\t<div class=\"eltdf-il-icon-holder\">\n\t\t<i class=\"eltd-icon-linear-icon lnr lnr-star \" style=\"color: #b1af6a\" ><\/i>\t<\/div>\n\t<h6 class=\"eltdf-il-text\" style=\"color: #b1af6a;font-size: 17px;padding-left: 25px\"> Soci\u00e9t\u00e9 HEXAGONE -PRODUCTION D\u2019AZOTE AUTONOME ET PORTABLE<\/h6>\n<\/div><div class=\"eltdf-icon-list-holder\" style=\"margin-bottom: 1px\">\n\t<div class=\"eltdf-il-icon-holder\">\n\t\t<i class=\"eltd-icon-linear-icon lnr lnr-star \" style=\"color: #b1af6a\" ><\/i>\t<\/div>\n\t<p class=\"eltdf-il-text\" > Chaque jour nous innovons pour vous proposer le meilleur sur le march\u00e9 de l&#039;air comprim\u00e9. Pour cela nous vous proposons une large gamme de produits et accessoires.<\/p>\n<\/div><div class=\"eltdf-icon-list-holder\" style=\"margin-bottom: 1px\">\n\t<div class=\"eltdf-il-icon-holder\">\n\t\t<i class=\"eltd-icon-linear-icon lnr lnr-star \" style=\"color: #b1af6a\" ><\/i>\t<\/div>\n\t<p class=\"eltdf-il-text\" > L&#039;entreprise propose des produits innovants en respectant une tradition de qualit\u00e9 et s&#039;inscrit dans la volont\u00e9 de sublimer le produit et de diversifier son catalogue.<\/p>\n<\/div><a itemprop=\"url\" href=\"http:\/\/www.hexagone-air-concept.com\" target=\"_blank\" style=\"margin: 10px\" class=\"eltdf-btn eltdf-btn-medium eltdf-btn-solid\"  >\n    <span class=\"eltdf-btn-text\">visiter le site<\/span>\n    <\/a>[\/vc_column][\/vc_row][vc_row row_content_width=&#8221;grid&#8221;][vc_column][vc_separator][\/vc_column][\/vc_row]<\/p>\n","protected":false},"excerpt":{"rendered":"<p>[vc_row row_content_width=&#8221;grid&#8221; css=&#8221;.vc_custom_1604851952912{padding-top: 35px !important;padding-bottom: 35px !important;}&#8221;][vc_column offset=&#8221;vc_col-lg-3 vc_col-md-12&#8243;][vc_column_text css=&#8221;.vc_custom_1604656783847{margin-top: -25px !important;padding-top: 10px !important;}&#8221;][\/vc_column_text][vc_empty_space height=&#8221;15px&#8221;][\/vc_column][vc_column offset=&#8221;vc_col-lg-9 vc_col-md-12&#8243;][vc_column_text]Avec la nomination en 2012 de Fabien Albagnac \u00e0 la t\u00eate de la SAS familiale, Fabien est, apr\u00e8s Alain Albagnac, la troisi\u00e8me g\u00e9n\u00e9ration d\u2019entrepreneurs \u00e0 se consacrer au monde [&hellip;]<\/p>\n","protected":false},"author":1,"featured_media":0,"parent":0,"menu_order":0,"comment_status":"closed","ping_status":"closed","template":"full-width.php","meta":{"pgc_sgb_lightbox_settings":""},"_links":{"self":[{"href":"https:\/\/vinimat.fr\/index.php\/wp-json\/wp\/v2\/pages\/7342"}],"collection":[{"href":"https:\/\/vinimat.fr\/index.php\/wp-json\/wp\/v2\/pages"}],"about":[{"href":"https:\/\/vinimat.fr\/index.php\/wp-json\/wp\/v2\/types\/page"}],"author":[{"embeddable":true,"href":"https:\/\/vinimat.fr\/index.php\/wp-json\/wp\/v2\/users\/1"}],"replies":[{"embeddable":true,"href":"https:\/\/vinimat.fr\/index.php\/wp-json\/wp\/v2\/comments?post=7342"}],"version-history":[{"count":74,"href":"https:\/\/vinimat.fr\/index.php\/wp-json\/wp\/v2\/pages\/7342\/revisions"}],"predecessor-version":[{"id":12309,"href":"https:\/\/vinimat.fr\/index.php\/wp-json\/wp\/v2\/pages\/7342\/revisions\/12309"}],"wp:attachment":[{"href":"https:\/\/vinimat.fr\/index.php\/wp-json\/wp\/v2\/media?parent=7342"}],"curies":[{"name":"wp","href":"https:\/\/api.w.org\/{rel}","templated":true}]}}